{"id":28,"date":"2014-06-04T15:17:03","date_gmt":"2014-06-04T15:17:03","guid":{"rendered":"http:\/\/strokur.wordpress.com\/?page_id=28"},"modified":"2014-06-04T15:17:03","modified_gmt":"2014-06-04T15:17:03","slug":"um-strok","status":"publish","type":"page","link":"https:\/\/strokur.is\/?page_id=28","title":{"rendered":"Um Str\u00f3k."},"content":{"rendered":"<p align=\"center\"><span style=\"font-size:x-large;\">Kl\u00fabburinn STR\u00d3KUR var stofna\u00f0ur \u00e1 Selfossi vori\u00f0 2005. Starfsemi kl\u00fabbsins hefur vaxi\u00f0 jafnt og \u00fe\u00e9tt og eru f\u00e9lagar n\u00fa r\u00famlega 60 talsins. Tilgangur kl\u00fabbsins er me\u00f0al annars a\u00f0 auka tengsl f\u00f3lks me\u00f0 ge\u00f0raskanir vi\u00f0 samf\u00e9lagi\u00f0 me\u00f0 \u00fev\u00ed a\u00f0 reka heimili\/afdrep a\u00f0 Sk\u00f3lav\u00f6llum 1 Selfossi, \u00fear sem f\u00e9lagsmenn f\u00e1 a\u00f0sto\u00f0 og upp\u00f6rvun til a\u00f0 takast \u00e1 vi\u00f0 hi\u00f0 daglega l\u00edf. Starfssv\u00e6\u00f0i Kl\u00fabbsins STR\u00d3KS er \u00c1rness\u00fdsla, Rang\u00e1r\u00feing og V-Skaftafellss\u00fdsla.<\/span><\/p>\n<p align=\"center\">\n","protected":false},"excerpt":{"rendered":"<p>Kl\u00fabburinn STR\u00d3KUR var stofna\u00f0ur \u00e1 Selfossi vori\u00f0 2005. Starfsemi kl\u00fabbsins hefur vaxi\u00f0 jafnt og \u00fe\u00e9tt og eru f\u00e9lagar n\u00fa r\u00famlega 60 talsins. Tilgangur kl\u00fabbsins er me\u00f0al annars a\u00f0 auka tengsl f\u00f3lks me\u00f0 ge\u00f0raskanir vi\u00f0&#46;&#46;&#46;<\/p>\n","protected":false},"author":3,"featured_media":0,"parent":61,"menu_order":0,"comment_status":"open","ping_status":"open","template":"","meta":{"_uag_custom_page_level_css":"","_monsterinsights_skip_tracking":false,"_monsterinsights_sitenote_active":false,"_monsterinsights_sitenote_note":"","_monsterinsights_sitenote_category":0,"footnotes":""},"class_list":["post-28","page","type-page","status-publish","hentry"],"uagb_featured_image_src":{"full":false,"thumbnail":false,"medium":false,"medium_large":false,"large":false,"1536x1536":false,"2048x2048":false,"thumb-small":false,"thumb-standard":false,"thumb-medium":false,"thumb-large":false,"thumb-xlarge":false,"thumb-xxlarge":false,"thumb-large-no-crop":false,"thumb-medium-no-crop":false,"thumb-standard-no-crop":false,"wdm-list-slider-thumb":false},"uagb_author_info":{"display_name":"Gu\u00f0mundur R\u00fanar \u00d3skarsson","author_link":"https:\/\/strokur.is\/?author=3"},"uagb_comment_info":7,"uagb_excerpt":"Kl\u00fabburinn STR\u00d3KUR var stofna\u00f0ur \u00e1 Selfossi vori\u00f0 2005. Starfsemi kl\u00fabbsins hefur vaxi\u00f0 jafnt og \u00fe\u00e9tt og eru f\u00e9lagar n\u00fa r\u00famlega 60 talsins. Tilgangur kl\u00fabbsins er me\u00f0al annars a\u00f0 auka tengsl f\u00f3lks me\u00f0 ge\u00f0raskanir vi\u00f0&#46;&#46;&#46;","jetpack_sharing_enabled":true,"_links":{"self":[{"href":"https:\/\/strokur.is\/index.php?rest_route=\/wp\/v2\/pages\/28"}],"collection":[{"href":"https:\/\/strokur.is\/index.php?rest_route=\/wp\/v2\/pages"}],"about":[{"href":"https:\/\/strokur.is\/index.php?rest_route=\/wp\/v2\/types\/page"}],"author":[{"embeddable":true,"href":"https:\/\/strokur.is\/index.php?rest_route=\/wp\/v2\/users\/3"}],"replies":[{"embeddable":true,"href":"https:\/\/strokur.is\/index.php?rest_route=%2Fwp%2Fv2%2Fcomments&post=28"}],"version-history":[{"count":0,"href":"https:\/\/strokur.is\/index.php?rest_route=\/wp\/v2\/pages\/28\/revisions"}],"up":[{"embeddable":true,"href":"https:\/\/strokur.is\/index.php?rest_route=\/wp\/v2\/pages\/61"}],"wp:attachment":[{"href":"https:\/\/strokur.is\/index.php?rest_route=%2Fwp%2Fv2%2Fmedia&parent=28"}],"curies":[{"name":"wp","href":"https:\/\/api.w.org\/{rel}","templated":true}]}}